{"id":5115,"date":"2022-04-16T20:56:22","date_gmt":"2022-04-16T20:56:22","guid":{"rendered":"http:\/\/clubtenerifemasters.com\/?page_id=5115"},"modified":"2024-01-22T19:00:48","modified_gmt":"2024-01-22T19:00:48","slug":"nadadores-as-otras-temporadas","status":"publish","type":"page","link":"https:\/\/clubtenerifemasters.com\/index.php\/nadadores\/nadadores-as-otras-temporadas\/","title":{"rendered":"Nadadores\/as. Otras temporadas"},"content":{"rendered":"\n<div style=\"height:35px\" aria-hidden=\"true\" class=\"wp-block-spacer\"><\/div>\n\n\n\n<p class=\"has-black-color has-text-color\" style=\"font-size:18px\">El Club Tenerife M\u00e1sters, es una gran familia de nadadoras y nadadores, cuyas edades est\u00e1n comprendidas entre los 20 y los 95 a\u00f1os, con pr\u00e1cticamente el mismo n\u00famero de mujeres y hombres.<\/p>\n\n\n\n<p class=\"has-black-color has-text-color\" style=\"font-size:18px\">Aunque la mayor\u00eda de nuestros integrantes son residentes de la isla de Tenerife, tambi\u00e9n hay nadadores que residen en otras islas, pen\u00ednsula e incluso en el extranjero, y que compiten bajo el nombre de nuestro club.<\/p>\n\n\n\n<p class=\"has-black-color has-text-color\" style=\"font-size:18px\">Una de las significativas particularidades de Club Tenerife M\u00e1sters, es el gran nivel deportivo de varios de nuestros integrantes, que a\u00f1o tras a\u00f1o consiguen ir batiendo r\u00e9cords de Espa\u00f1a en las distintas distancias y estilos, tanto a nivel individual como en &nbsp;relevos.  <\/p>\n\n\n\n<hr class=\"wp-block-separator has-css-opacity alignwide\"\/>\n\n\n\n<div class=\"wp-block-columns is-layout-flex wp-container-core-columns-is-layout-9d6595d7 wp-block-columns-is-layout-flex\">\n<div class=\"wp-block-column is-layout-flow wp-block-column-is-layout-flow\">\n<ol class=\"wp-block-list\">\n<li><strong>TEMPORADA 20-21<\/strong><\/li>\n\n\n\n<li><strong>CATEGOR\u00cdA FEMENINA<\/strong><\/li>\n\n\n\n<li>Amanda Herrera P\u00e9rez<\/li>\n\n\n\n<li>Ana Mar\u00eda Medina Ib\u00e1\u00f1ez<\/li>\n\n\n\n<li>Ana Mar\u00eda Romero Manzano<\/li>\n\n\n\n<li>Aranzazu Ar\u00e1nega Ben\u00edtez<\/li>\n\n\n\n<li>Asunci\u00f3n Zabala Laborde<\/li>\n\n\n\n<li>Beatriz L\u00f3pez Fern\u00e1ndez<\/li>\n\n\n\n<li>Carmen Lobato Caba\u00f1as<\/li>\n\n\n\n<li>Cristina Izquierdo Rguez.<\/li>\n\n\n\n<li>Cristina Uriarte Marr\u00f3n<\/li>\n\n\n\n<li>Diana Cabrera B\u00e1ez<\/li>\n\n\n\n<li>Elena Negr\u00edn Figueroa<\/li>\n\n\n\n<li>Esther L\u00f3pez Gonz\u00e1lez<\/li>\n\n\n\n<li>Jamila Arantzamendi Llull<\/li>\n\n\n\n<li>Katihusca Quintero Quintero<\/li>\n\n\n\n<li>Lorena P\u00e9rez Gonz\u00e1lez<\/li>\n\n\n\n<li>Lourdes Mart\u00edn Conde<\/li>\n\n\n\n<li>Mar\u00eda N\u00fa\u00f1ez Catal\u00e1n<\/li>\n\n\n\n<li>Mar\u00eda Adela de Le\u00f3n Fdez.-Oliva<\/li>\n\n\n\n<li>Mar\u00eda Mercedes B\u00e1ez Cejas<\/li>\n\n\n\n<li>Marta Guerrero Moya<\/li>\n\n\n\n<li>Marta Santaella Teruel<\/li>\n\n\n\n<li>Mercedes Gonz\u00e1lez Rguez.<\/li>\n\n\n\n<li>Mercedes Rodr\u00edguez Fuentes<\/li>\n\n\n\n<li>M\u00f3nica Par\u00eds S\u00e1nchez<\/li>\n\n\n\n<li>Noelia Guti\u00e9rrez Garc\u00eda<\/li>\n\n\n\n<li>Noem\u00ed P\u00e9rez Garc\u00eda<\/li>\n\n\n\n<li>Nuria Magri\u00f1\u00e1 Sol\u00e9<\/li>\n\n\n\n<li>Paula Mart\u00ednez Sorribes<\/li>\n\n\n\n<li>Pilar Padr\u00f3n Pe\u00f1a<\/li>\n\n\n\n<li>Pilar Larrod\u00e9 Garc\u00eda<\/li>\n\n\n\n<li>Rosa Ana Moreno Aloy<\/li>\n\n\n\n<li>Tamara P\u00e9rez Gonz\u00e1lez<\/li>\n\n\n\n<li>Victoria Arocha Isidro<\/li>\n\n\n\n<li><\/li>\n<\/ol>\n<\/div>\n\n\n\n<div class=\"wp-block-column is-layout-flow wp-block-column-is-layout-flow\">\n<h3 class=\"wp-block-heading\">TEMPORADA 20-21<\/h3>\n\n\n\n<h3 class=\"wp-block-heading\">CATEGOR\u00cdA MASCULINA<\/h3>\n\n\n\n<ol class=\"wp-block-list\">\n<li>Agust\u00edn Riera Montal<\/li>\n\n\n\n<li>Airam Carretero Santana<\/li>\n\n\n\n<li>Alejandro S\u00e1nchez Mart\u00ednez<\/li>\n\n\n\n<li>Alen Casanova Padilla<\/li>\n\n\n\n<li>Alonso Fern\u00e1ndez Hdez.<\/li>\n\n\n\n<li>\u00c1lvaro Tapia Reyes<\/li>\n\n\n\n<li>\u00c1ngel Brito Trujillo<\/li>\n\n\n\n<li>Antonio Luna Gil<\/li>\n\n\n\n<li>Antonio Perera Molinero<\/li>\n\n\n\n<li>Antonio Vi\u00f1uela Llanos<\/li>\n\n\n\n<li>Benjam\u00edn S\u00e1nchez Gonz\u00e1lez<\/li>\n\n\n\n<li>Bernardo Nu\u00f1ez Noda<\/li>\n\n\n\n<li>Betuel Glez. de Armas<\/li>\n\n\n\n<li>Bruce Lawrie<\/li>\n\n\n\n<li>Carlos Brem\u00f3n P\u00e9rez<\/li>\n\n\n\n<li>Cipriano Porrero Nuche<\/li>\n\n\n\n<li>Claudio del Pino Torres<\/li>\n\n\n\n<li>David Carralero Alonso<\/li>\n\n\n\n<li>David Lebranchu Gonz\u00e1lez<\/li>\n\n\n\n<li>Domingo \u00c1lvarez M\u00e9ndez<\/li>\n\n\n\n<li>Domingo Gonz\u00e1lez P\u00e9rez<\/li>\n\n\n\n<li>Domingo Jes\u00fas Gonz\u00e1lez D\u00edaz<\/li>\n\n\n\n<li>Fabio Bruscolotti<\/li>\n\n\n\n<li>Federico Hern\u00e1ndez Le\u00f3n<\/li>\n\n\n\n<li>F\u00e9lix Contreras Garc\u00eda<\/li>\n\n\n\n<li>Fernando Guti\u00e9rrez Nicol\u00e1s<\/li>\n\n\n\n<li>Fernando Correa Brito<\/li>\n\n\n\n<li>Fernando Blanch Eixarch<\/li>\n\n\n\n<li>Fernando Guanarteme S\u00e1nchez L\u00e1zaro<\/li>\n\n\n\n<li>Francesco Iurilli<\/li>\n\n\n\n<li>Francisco Fari\u00f1a Sambl\u00e1s<\/li>\n\n\n\n<li>Francisco Garc\u00eda Betancor<\/li>\n\n\n\n<li>Francisco Javier Gonz\u00e1lez Herrera<\/li>\n\n\n\n<li>Gustavo D. Su\u00e1rez Cruz<\/li>\n\n\n\n<li>Ingolf Bossert Schwarze<\/li>\n\n\n\n<li>Iv\u00e1n Rodr\u00edguez Santos<\/li>\n\n\n\n<li>Jean Claude Lestidau<\/li>\n\n\n\n<li>Jonay P\u00e9rez Garc\u00eda<\/li>\n\n\n\n<li>Jos\u00e9 Garc\u00eda La Espada<\/li>\n\n\n\n<li>Jos\u00e9 Garrocho Hern\u00e1ndez<\/li>\n\n\n\n<li>Jos\u00e9 Gonz\u00e1lez Hern\u00e1ndez<\/li>\n\n\n\n<li>Jos\u00e9 Guti\u00e9rrez Arteaga<\/li>\n\n\n\n<li>Jos\u00e9 Andr\u00e9s Moreno P\u00e9rez<\/li>\n\n\n\n<li>Jos\u00e9 Joaqu\u00edn Escobar G\u00f3mez<\/li>\n\n\n\n<li>Jos\u00e9 Juan Arbelo Armas<\/li>\n\n\n\n<li>Jos\u00e9 Lu\u00eds Castrill\u00f3n Garc\u00eda-Delgado<\/li>\n\n\n\n<li>Jos\u00e9 Lu\u00eds Garc\u00eda Ossorio<\/li>\n\n\n\n<li>Jos\u00e9 Manuel Bello Fern\u00e1ndez<\/li>\n\n\n\n<li>Jos\u00e9 Mar\u00eda D\u00edaz Castro<\/li>\n\n\n\n<li>Jos\u00e9 Ram\u00f3n Ansorena Carrera<\/li>\n\n\n\n<li>Jos\u00e9 Ram\u00f3n Barrios Borges<\/li>\n\n\n\n<li>Jose Victor Garcia Castillo<\/li>\n\n\n\n<li>Juan Conde<\/li>\n\n\n\n<li>Juan Jos\u00e9 Lecumberri Bernardos<\/li>\n\n\n\n<li>Juan Jos\u00e9 Manso Marrero<\/li>\n\n\n\n<li>Juan Manuel Salas Sabina<\/li>\n\n\n\n<li>Julio M. Rodr\u00edguez Garc\u00eda<\/li>\n\n\n\n<li>Juvenal Gull\u00f3n Nieto<\/li>\n\n\n\n<li>Luca Artibani<\/li>\n\n\n\n<li>Lu\u00eds Antonio Espinoza Silva<\/li>\n\n\n\n<li>Marcos Cabrera Gonz\u00e1lez<\/li>\n\n\n\n<li>Mark Fry<\/li>\n\n\n\n<li>Mart\u00edn Marichal Ramos<\/li>\n\n\n\n<li>Miguel Ramos Garc\u00eda<\/li>\n\n\n\n<li>Miguel \u00c1ngel Acero Guerra<\/li>\n\n\n\n<li>Mostafa (Tifa) Atef Abdelfattah Hassan<\/li>\n\n\n\n<li>Oscar I. Castrill\u00f3n Mart\u00ednez<\/li>\n\n\n\n<li>Pablo Hern\u00e1ndez Hdez.<\/li>\n\n\n\n<li>Pedro Jos\u00e9 Pascual Alay\u00f3n<\/li>\n\n\n\n<li>Peter Roeder<\/li>\n\n\n\n<li>Pruden Cabrera Romero<\/li>\n\n\n\n<li>Rafael Berm\u00fadez Glez.<\/li>\n\n\n\n<li>Ricardo D\u00edaz P\u00e9rez<\/li>\n\n\n\n<li>Ricardo Fdez.de Misa D\u00edaz<\/li>\n\n\n\n<li>Santiago Fari\u00f1a Sambl\u00e1s<\/li>\n\n\n\n<li>Sebasti\u00e1n Matos Castro<\/li>\n\n\n\n<li>Sergio Mart\u00edn Gonz\u00e1lez<\/li>\n\n\n\n<li>Sergio Silot<\/li>\n\n\n\n<li>Tanaus\u00fa Barrameda Medina<\/li>\n\n\n\n<li>V\u00edctor Marrero Sambl\u00e1s<\/li>\n\n\n\n<li>Zebensu\u00ed Bonilla \u00c1vila<\/li>\n<\/ol>\n<\/div>\n<\/div>\n\n\n\n<figure class=\"wp-block-image alignwide size-large\"><img loading=\"lazy\" decoding=\"async\" width=\"1024\" height=\"683\" src=\"http:\/\/clubtenerifemasters.com\/wp-content\/uploads\/2022\/05\/1B6A5437-copia-1024x683.jpg\" alt=\"\" class=\"wp-image-6842\" srcset=\"https:\/\/clubtenerifemasters.com\/wp-content\/uploads\/2022\/05\/1B6A5437-copia-1024x683.jpg 1024w, https:\/\/clubtenerifemasters.com\/wp-content\/uploads\/2022\/05\/1B6A5437-copia-300x200.jpg 300w, https:\/\/clubtenerifemasters.com\/wp-content\/uploads\/2022\/05\/1B6A5437-copia-768x512.jpg 768w, https:\/\/clubtenerifemasters.com\/wp-content\/uploads\/2022\/05\/1B6A5437-copia-1536x1024.jpg 1536w, https:\/\/clubtenerifemasters.com\/wp-content\/uploads\/2022\/05\/1B6A5437-copia-2048x1365.jpg 2048w, https:\/\/clubtenerifemasters.com\/wp-content\/uploads\/2022\/05\/1B6A5437-copia-1200x800.jpg 1200w, https:\/\/clubtenerifemasters.com\/wp-content\/uploads\/2022\/05\/1B6A5437-copia-600x400.jpg 600w\" sizes=\"auto, (max-width: 1024px) 100vw, 1024px\" \/><\/figure>\n\n\n\n<div class=\"wp-block-columns is-layout-flex wp-container-core-columns-is-layout-9d6595d7 wp-block-columns-is-layout-flex\">\n<div class=\"wp-block-column is-layout-flow wp-block-column-is-layout-flow\">\n<h3 class=\"wp-block-heading\">TEMPORADA 18-19<\/h3>\n\n\n\n<h3 class=\"wp-block-heading\">CATEGOR\u00cdA FEMENINA<\/h3>\n\n\n\n<ol class=\"wp-block-list\">\n<li>Alicia Sanz Gonz\u00e1lez<\/li>\n\n\n\n<li>Amanda Herrera P\u00e9rez<\/li>\n\n\n\n<li>Amparo Mart\u00ednez D\u00edaz-Flores<\/li>\n\n\n\n<li>Ana Mar\u00eda Ben\u00edtez Infante<\/li>\n\n\n\n<li>Ana Mar\u00eda Medina Ib\u00e1\u00f1ez<\/li>\n\n\n\n<li>Ana Mar\u00eda Romero Manzano<\/li>\n\n\n\n<li>Angela Tagliaferri<\/li>\n\n\n\n<li>Aranzazu Ar\u00e1nega Ben\u00edtez<\/li>\n\n\n\n<li>Asunci\u00f3n Zabala Laborde<\/li>\n\n\n\n<li>Beatriz Freire Betancor<\/li>\n\n\n\n<li>Beatriz L\u00f3pez Fern\u00e1ndez<\/li>\n\n\n\n<li>Beatriz Guzm\u00e1n P\u00e9rez<\/li>\n\n\n\n<li>Cristina Izquierdo Rguez.<\/li>\n\n\n\n<li>Cristina Uriarte Marr\u00f3n<\/li>\n\n\n\n<li>Dinorah Darias Bernal<\/li>\n\n\n\n<li>Elena Negr\u00edn Figueroa<\/li>\n\n\n\n<li>Esther L\u00f3pez Gonz\u00e1lez<\/li>\n\n\n\n<li>F\u00e1tima Moriana Mart\u00edn<\/li>\n\n\n\n<li>Hortensia P\u00e9rez Gonz\u00e1lez<\/li>\n\n\n\n<li>Isabel Galcer\u00e1n Monta\u00f1a<\/li>\n\n\n\n<li>Jamila Arantzamendi Llull<\/li>\n\n\n\n<li>Katihusca Quintero Quintero<\/li>\n\n\n\n<li>Laura Brem\u00f3n Ortega<\/li>\n\n\n\n<li>Lourdes Mart\u00edn Conde<\/li>\n\n\n\n<li>M\u00aa Dolores Padr\u00f3n Pe\u00f1a<\/li>\n\n\n\n<li>M\u00aa Josefa-Lini Gonz\u00e1lez Trujillo<\/li>\n\n\n\n<li>Mairim Castillo Alonso<\/li>\n\n\n\n<li>Mar\u00eda Castillo Delgado<\/li>\n\n\n\n<li>Marianne Lawrie<\/li>\n\n\n\n<li>Mariola (Dolores) Exp\u00f3sito Real<\/li>\n\n\n\n<li>Mercedes Gonz\u00e1lez Rguez.<\/li>\n\n\n\n<li>Mercedes B\u00e1ez Cejas<\/li>\n\n\n\n<li>Mercedes Rodr\u00edguez Fuentes<\/li>\n\n\n\n<li>M\u00f3nica Par\u00eds S\u00e1nchez<\/li>\n\n\n\n<li>M\u00f3nica Gonz\u00e1lez Mart\u00edn<\/li>\n\n\n\n<li>Nuria Magri\u00f1\u00e1 Sol\u00e9<\/li>\n\n\n\n<li>Pilar Padr\u00f3n Pe\u00f1a<\/li>\n\n\n\n<li>Rita Mart\u00edn Gonz\u00e1lez<\/li>\n\n\n\n<li>Rosa Ana Moreno Aloy<\/li>\n\n\n\n<li>Ruth Castellano Mendoza<\/li>\n\n\n\n<li>Tamara P\u00e9rez Gonz\u00e1lez<\/li>\n\n\n\n<li>Victoria Garc\u00eda Carrasco<\/li>\n\n\n\n<li>Victoria Arocha Isidro<\/li>\n\n\n\n<li>Yaiza Rodr\u00edguez Aranda<\/li>\n<\/ol>\n<\/div>\n\n\n\n<div class=\"wp-block-column is-layout-flow wp-block-column-is-layout-flow\">\n<h3 class=\"wp-block-heading\">TEMPORADA 18-19<\/h3>\n\n\n\n<h3 class=\"wp-block-heading\">CATEGOR\u00cdA MASCULINA<\/h3>\n\n\n\n<ol class=\"wp-block-list\">\n<li>Agust\u00edn Riera Montal<\/li>\n\n\n\n<li>Airam Peraza Quintero<\/li>\n\n\n\n<li>Airam Carretero Santana<\/li>\n\n\n\n<li>Alberto J. Rodr\u00edguez Soler<\/li>\n\n\n\n<li>Alonso Fern\u00e1ndez Hdez.<\/li>\n\n\n\n<li>\u00c1lvaro Tapia Reyes<\/li>\n\n\n\n<li>\u00c1ngel Brito Trujillo<\/li>\n\n\n\n<li>Antonio Vi\u00f1uela Llanos<\/li>\n\n\n\n<li>Antonio Luna Gil<\/li>\n\n\n\n<li>Antonio Perera Molinero<\/li>\n\n\n\n<li>Antonio E.(Tony) D\u00edaz Gonz\u00e1lez<\/li>\n\n\n\n<li>Benjam\u00edn S\u00e1nchez Gonz\u00e1lez<\/li>\n\n\n\n<li>Bernardo Nu\u00f1ez Noda<\/li>\n\n\n\n<li>Betuel Glez. de Armas<\/li>\n\n\n\n<li>Bruce Lawrie<\/li>\n\n\n\n<li>Carlos Brem\u00f3n P\u00e9rez<\/li>\n\n\n\n<li>Carlos Alberto P\u00e9rez Florez<\/li>\n\n\n\n<li>Cipriano Porrero Nuche<\/li>\n\n\n\n<li>Claudio del Pino Torres<\/li>\n\n\n\n<li>David Lebranchu Gonz\u00e1lez<\/li>\n\n\n\n<li>Domingo Gonz\u00e1lez D\u00edaz<\/li>\n\n\n\n<li>Domingo Gonz\u00e1lez P\u00e9rez<\/li>\n\n\n\n<li>Encarnaci\u00f3n Fdez. de Misa D\u00edaz<\/li>\n\n\n\n<li>Federico Hern\u00e1ndez Le\u00f3n<\/li>\n\n\n\n<li>F\u00e9lix Contreras Garc\u00eda<\/li>\n\n\n\n<li>Fernando Guti\u00e9rrez Nicol\u00e1s<\/li>\n\n\n\n<li>Fernando Correa Brito<\/li>\n\n\n\n<li>Fernando Guanarteme S\u00e1nchez L\u00e1zaro<\/li>\n\n\n\n<li>Francisco Fari\u00f1a Sambl\u00e1s<\/li>\n\n\n\n<li>Francisco Garc\u00eda Betancor<\/li>\n\n\n\n<li>Francisco Javier Gonz\u00e1lez Herrera<\/li>\n\n\n\n<li>Gustavo D. Su\u00e1rez Cruz<\/li>\n\n\n\n<li>Ingolf Bossert Schwarze<\/li>\n\n\n\n<li>Iv\u00e1n Rodr\u00edguez Santos<\/li>\n\n\n\n<li>Joaqu\u00edn Escatllar Fdez.de Misa<\/li>\n\n\n\n<li>Jonay P\u00e9rez Garc\u00eda<\/li>\n\n\n\n<li>Jordi Magri\u00f1a Sol\u00e9<\/li>\n\n\n\n<li>Jos\u00e9 Garc\u00eda La Espada<\/li>\n\n\n\n<li>Jos\u00e9 Gonz\u00e1lez Hern\u00e1ndez<\/li>\n\n\n\n<li>Jos\u00e9 Guti\u00e9rrez Arteaga<\/li>\n\n\n\n<li>Jos\u00e9 Andr\u00e9s Moreno P\u00e9rez<\/li>\n\n\n\n<li>Jos\u00e9 Lu\u00eds Gallego P\u00e9rez-Cejuela<\/li>\n\n\n\n<li>Jos\u00e9 Lu\u00eds Castrill\u00f3n Garc\u00eda-Delgado<\/li>\n\n\n\n<li>Jos\u00e9 Mar\u00eda D\u00edaz Castro<\/li>\n\n\n\n<li>Jos\u00e9 Ram\u00f3n Barrios Borges<\/li>\n\n\n\n<li>Jose Victor Garcia Castillo<\/li>\n\n\n\n<li>Juan Conde Regueiro<\/li>\n\n\n\n<li>Juan Carlos Zuazua Gonz\u00e1lez<\/li>\n\n\n\n<li>Juan Jos\u00e9 Lecumberri Bernardos<\/li>\n\n\n\n<li>Juan Jos\u00e9 Manso Marrero<\/li>\n\n\n\n<li>Juan Manuel Salas Sabina<\/li>\n\n\n\n<li>Julio Aramburu Bravo<\/li>\n\n\n\n<li>Julio M. Rodr\u00edguez Garc\u00eda<\/li>\n\n\n\n<li>Juvenal Gull\u00f3n Nieto<\/li>\n\n\n\n<li>Luca Artibani<\/li>\n\n\n\n<li>Lu\u00eds Roberto Rey Gonz\u00e1lez<\/li>\n\n\n\n<li>Marcos Cabrera Gonz\u00e1lez<\/li>\n\n\n\n<li>Mark Fry<\/li>\n\n\n\n<li>Mart\u00edn Marichal Ramos<\/li>\n\n\n\n<li>Miguel \u00c1ngel Mart\u00edn Santana<\/li>\n\n\n\n<li>Miguel \u00c1ngel Acero Guerra<\/li>\n\n\n\n<li>Nehem\u00edas Velasco Llanos<\/li>\n\n\n\n<li>Oscar I. Castrill\u00f3n Mart\u00ednez<\/li>\n\n\n\n<li>Pablo Hern\u00e1ndez Hdez.<\/li>\n\n\n\n<li>Patrick Harriau<\/li>\n\n\n\n<li>Pedro Jos\u00e9 Pascual Alay\u00f3n<\/li>\n\n\n\n<li>Pruden Cabrera Romero<\/li>\n\n\n\n<li>Rafael Berm\u00fadez Glez.<\/li>\n\n\n\n<li>Ricardo D\u00edaz P\u00e9rez<\/li>\n\n\n\n<li>Ricardo Fdez.de Misa D\u00edaz<\/li>\n\n\n\n<li>Ryszard Majewski Lourens<\/li>\n\n\n\n<li>Santiago Fari\u00f1a Tadeo<\/li>\n\n\n\n<li>Santiago Fari\u00f1a Sambl\u00e1s<\/li>\n\n\n\n<li>Sebasti\u00e1n Matos Castro<\/li>\n\n\n\n<li>Sergio Silot<\/li>\n\n\n\n<li>V\u00edctor Marrero Sambl\u00e1s<\/li>\n\n\n\n<li>V\u00edctor Ber\u00e1stegui Afonso<\/li>\n\n\n\n<li>Zebensu\u00ed Bonilla \u00c1vila<\/li>\n<\/ol>\n<\/div>\n<\/div>\n\n\n\n<figure class=\"wp-block-image alignwide size-large\"><img loading=\"lazy\" decoding=\"async\" width=\"1024\" height=\"683\" src=\"http:\/\/clubtenerifemasters.com\/wp-content\/uploads\/2022\/04\/200717287_1793869414128638_2687820310774176302_n-1024x683.jpg\" alt=\"\" class=\"wp-image-5842\" srcset=\"https:\/\/clubtenerifemasters.com\/wp-content\/uploads\/2022\/04\/200717287_1793869414128638_2687820310774176302_n-1024x683.jpg 1024w, https:\/\/clubtenerifemasters.com\/wp-content\/uploads\/2022\/04\/200717287_1793869414128638_2687820310774176302_n-300x200.jpg 300w, https:\/\/clubtenerifemasters.com\/wp-content\/uploads\/2022\/04\/200717287_1793869414128638_2687820310774176302_n-768x512.jpg 768w, https:\/\/clubtenerifemasters.com\/wp-content\/uploads\/2022\/04\/200717287_1793869414128638_2687820310774176302_n-1536x1024.jpg 1536w, https:\/\/clubtenerifemasters.com\/wp-content\/uploads\/2022\/04\/200717287_1793869414128638_2687820310774176302_n-1200x800.jpg 1200w, https:\/\/clubtenerifemasters.com\/wp-content\/uploads\/2022\/04\/200717287_1793869414128638_2687820310774176302_n-600x400.jpg 600w, https:\/\/clubtenerifemasters.com\/wp-content\/uploads\/2022\/04\/200717287_1793869414128638_2687820310774176302_n.jpg 2048w\" sizes=\"auto, (max-width: 1024px) 100vw, 1024px\" \/><\/figure>\n\n\n\n<div class=\"wp-block-columns is-layout-flex wp-container-core-columns-is-layout-9d6595d7 wp-block-columns-is-layout-flex\">\n<div class=\"wp-block-column is-layout-flow wp-block-column-is-layout-flow\">\n<h3 class=\"wp-block-heading\">TEMPORADA 17-18<\/h3>\n\n\n\n<h3 class=\"wp-block-heading\">CATEGOR\u00cdA FEMENINA<\/h3>\n\n\n\n<ol class=\"wp-block-list\">\n<li>ALICIA SANZ GONZALEZ<\/li>\n\n\n\n<li>AMANDA HERRERA PEREZ<\/li>\n\n\n\n<li>AMPARO MARTINEZ DIAZ-FLORES<\/li>\n\n\n\n<li>ANA MEDINA IBA\u00d1EZ<\/li>\n\n\n\n<li>ANA MARIA MARTIN CRESPO<\/li>\n\n\n\n<li>ANA MARIA ROMERO MANZANO<\/li>\n\n\n\n<li>ANGELA TAGLIAFERRI<\/li>\n\n\n\n<li>ARANZAZU ARANEGA BENITEZ<\/li>\n\n\n\n<li>ASUNCION ZABALA LABORDE<\/li>\n\n\n\n<li>BEATRIZ LOPEZ FERNANDEZ<\/li>\n\n\n\n<li>BEATRIZ FREIRE BETANCOR<\/li>\n\n\n\n<li>CRISTINA IZQUIERDO RODRIGUEZ<\/li>\n\n\n\n<li>DINORAH DARIAS BERNAL<\/li>\n\n\n\n<li>DOLORES EXPOSITO REAL<\/li>\n\n\n\n<li>ELENA NEGRIN FIGUEROA<\/li>\n\n\n\n<li>ENCARNACION FERNANDEZ DE MISA DIAZ<\/li>\n\n\n\n<li>ESTHER LOPEZ GONZALEZ<\/li>\n\n\n\n<li>FATIMA MORIANA MARTIN<\/li>\n\n\n\n<li>GEORGINA GRANADOS BAST\u00c9<\/li>\n\n\n\n<li>ISABEL IBOLE\u00d3N CABRERA<\/li>\n\n\n\n<li>JAMILA ARANTZAMENDI LLULL<\/li>\n\n\n\n<li>JUDITH LOPEZ FERNANDEZ<\/li>\n\n\n\n<li>KATIHUSKA QUINTERO QUINTERO<\/li>\n\n\n\n<li>LOURDES MARTIN CONDE<\/li>\n\n\n\n<li>MARIA CASTILLO DELGADO<\/li>\n\n\n\n<li>M\u00aa JOSEFA GONZALEZ TRUJILLO<\/li>\n\n\n\n<li>MAR\u00cdA DOLORES PADRON PE\u00d1A<\/li>\n\n\n\n<li>MAR\u00cdA HORTENSIA&nbsp; P\u00c9REZ GONZ\u00c1LEZ<\/li>\n\n\n\n<li>MARIA MERCEDES BAEZ CEJAS<\/li>\n\n\n\n<li>MERCEDES RODR\u00cdGUEZ FUENTES<\/li>\n\n\n\n<li>MERCEDES GONZALEZ RODRIGUEZ<\/li>\n\n\n\n<li>MIRIAM MARTIN JIMENEZ<\/li>\n\n\n\n<li>MONICA PARIS SANCHEZ<\/li>\n\n\n\n<li>MONICA GONZALEZ MARTIN<\/li>\n\n\n\n<li>NAYRA LEMUS GARCIA<\/li>\n\n\n\n<li>NURIA MAGRI\u00d1A SOLE<\/li>\n\n\n\n<li>PILAR LARRODE GARCIA<\/li>\n\n\n\n<li>PILAR PADR\u00d3N PE\u00d1A<\/li>\n\n\n\n<li>RITA MARTIN GONZALEZ<\/li>\n\n\n\n<li>ROSA ANA MORENO ALOY<\/li>\n\n\n\n<li>RUTH CASTELLANO MENDOZA<\/li>\n\n\n\n<li>TAMARA PEREZ GONZALEZ<\/li>\n\n\n\n<li>TARA GUISADO DOMINGUEZ<\/li>\n\n\n\n<li>VICTORIA AROCHA ISIDRO<\/li>\n<\/ol>\n<\/div>\n\n\n\n<div class=\"wp-block-column is-layout-flow wp-block-column-is-layout-flow\">\n<h3 class=\"wp-block-heading\">TEMPORADA 17-18<\/h3>\n\n\n\n<h3 class=\"wp-block-heading\">CATEGOR\u00cdA MASCULINA<\/h3>\n\n\n\n<ol class=\"wp-block-list\">\n<li>AGUSTIN RIERA MONTAL<\/li>\n\n\n\n<li>ALBERTO JESUS RODRIGUEZ SOLER<\/li>\n\n\n\n<li>ALEJANDRO ALEMAN QUINTANA<\/li>\n\n\n\n<li>ALFREDO LOPEZ CARMONA<\/li>\n\n\n\n<li>ALONSO FERNANDEZ HERNANDEZ<\/li>\n\n\n\n<li>ALVARO TAPIA REYES<\/li>\n\n\n\n<li>ANGEL BRITO TRUJILLO<\/li>\n\n\n\n<li>ANTONIO VI\u00d1UELA RAMOS<\/li>\n\n\n\n<li>ANTONIO LUNA GIL<\/li>\n\n\n\n<li>ANTONIO PERERA MOLINERO<\/li>\n\n\n\n<li>ANTONIO DIAZ GONZALEZ<\/li>\n\n\n\n<li>BETUEL GONZALEZ DE ARMAS<\/li>\n\n\n\n<li>CARLOS ALBERTO PEREZ FLOREZ<\/li>\n\n\n\n<li>CARLOS BREMON PEREZ<\/li>\n\n\n\n<li>CIPRIANO PORRERO NUCHE<\/li>\n\n\n\n<li>CLAUDIO DEL PINO TORRES<\/li>\n\n\n\n<li>CRISTO DAVID MARTIN BATISTA<\/li>\n\n\n\n<li>DOMINGO GONZALEZ DIAZ<\/li>\n\n\n\n<li>DOMINGO GONZALEZ PEREZ<\/li>\n\n\n\n<li>FEDERICO HERN\u00c1NDEZ LE\u00d3N<\/li>\n\n\n\n<li>FELIX CONTRERAS&nbsp; GARCIA<\/li>\n\n\n\n<li>FERNANDO CORREA BRITO<\/li>\n\n\n\n<li>FERNANDO GUANARTEME SANCHEZ LAZARO<\/li>\n\n\n\n<li>FRANCISCO FARI\u00d1A SAMBLAS<\/li>\n\n\n\n<li>FRANCISCO GARC\u00cdA BETANCOR<\/li>\n\n\n\n<li>FRANCISCO JAVIER GONZALEZ HERRERA<\/li>\n\n\n\n<li>GUSTAVO GARCIA GARCIA<\/li>\n\n\n\n<li>GUSTAVO SUAREZ CRUZ<\/li>\n\n\n\n<li>INGOLF BOSSERT SCHWARZE<\/li>\n\n\n\n<li>ISAIAS PEREZ MARRERO<\/li>\n\n\n\n<li>IVAN RODRIGUEZ SANTOS<\/li>\n\n\n\n<li>JAMES BYRON SECOY<\/li>\n\n\n\n<li>JESUS GOMEZ DIAZ<\/li>\n\n\n\n<li>JOAQUIN ESCATLLAR FERNANDEZ MISA DIAZ<\/li>\n\n\n\n<li>JONAY PEREZ GARCIA<\/li>\n\n\n\n<li>JONAY HERNANDEZ DIAZ<\/li>\n\n\n\n<li>JORGE MAGRI\u00d1A SOLE<\/li>\n\n\n\n<li>JOSE GARCIA LA ESPADA<\/li>\n\n\n\n<li>JOSE GUTIERREZ ARTEAGA<\/li>\n\n\n\n<li>JOS\u00c9 GONZ\u00c1LEZ HERN\u00c1NDEZ<\/li>\n\n\n\n<li>JOS\u00c9 ANDR\u00c9S MORENO P\u00c9REZ<\/li>\n\n\n\n<li>JOSE LUIS GALLEGO PEREZ-CEJUELA<\/li>\n\n\n\n<li>JOSE MARIA DIAZ CASTRO<\/li>\n\n\n\n<li>JOSE VICTOR GARCIA CASTILLO<\/li>\n\n\n\n<li>JUAN CARLOS ZUAZUA GONZALEZ<\/li>\n\n\n\n<li>JUAN JOSE MANSO MARRERO<\/li>\n\n\n\n<li>JUAN JOSE HARO GARCIA<\/li>\n\n\n\n<li>JUAN MANUEL SALAS SABINA<\/li>\n\n\n\n<li>JULIO MARCOS RODRIGUEZ GARCIA<\/li>\n\n\n\n<li>JUVENAL GULLON NIETO<\/li>\n\n\n\n<li>LUCA ARTIBANI<\/li>\n\n\n\n<li>LUIS ARREZ SOLEZ<\/li>\n\n\n\n<li>MARCO CASTILLO AGUILAR<\/li>\n\n\n\n<li>MARCOS CABRERA GONZALEZ<\/li>\n\n\n\n<li>MARK FRY<\/li>\n\n\n\n<li>MARTIN MARICHAL RAMOS<\/li>\n\n\n\n<li>MIGUEL RAMOS GARCIA<\/li>\n\n\n\n<li>NELSON CORREIA BAETA<\/li>\n\n\n\n<li>OLIVER GUISADO DOMINGUEZ<\/li>\n\n\n\n<li>OSCAR DELGADO DE GRACIA<\/li>\n\n\n\n<li>OSCAR SANZ GONZALEZ<\/li>\n\n\n\n<li>OSCAR IGNACIO CASTRILLON MARTINEZ<\/li>\n\n\n\n<li>PABLO HERNANDEZ HERNANDEZ<\/li>\n\n\n\n<li>PATRICK&nbsp; HARRIAU<\/li>\n\n\n\n<li>RAFAEL BERMUDEZ GONZALEZ<\/li>\n\n\n\n<li>RICARDO D\u00cdAZ P\u00c9REZ<\/li>\n\n\n\n<li>RICARDO FERNANDEZ DE MISA DIAZ<\/li>\n\n\n\n<li>RYSZARD MAJEWSKI LOURENS<\/li>\n\n\n\n<li>SANTIAGO FARI\u00d1A SAMBLAS<\/li>\n\n\n\n<li>SANTIAGO FARI\u00d1A TADEO<\/li>\n\n\n\n<li>SEBASTIAN MATOS CASTRO<\/li>\n\n\n\n<li>VICTOR MARRERO SAMBLAS<\/li>\n\n\n\n<li>ZEBENSUI BONILLA AVILA<\/li>\n<\/ol>\n<\/div>\n<\/div>\n\n\n\n<figure class=\"wp-block-image alignwide size-large\"><img loading=\"lazy\" decoding=\"async\" width=\"1024\" height=\"521\" src=\"http:\/\/clubtenerifemasters.com\/wp-content\/uploads\/2022\/05\/1B6A5634-copia-1024x521.jpg\" alt=\"\" class=\"wp-image-6833\" srcset=\"https:\/\/clubtenerifemasters.com\/wp-content\/uploads\/2022\/05\/1B6A5634-copia-1024x521.jpg 1024w, https:\/\/clubtenerifemasters.com\/wp-content\/uploads\/2022\/05\/1B6A5634-copia-300x153.jpg 300w, https:\/\/clubtenerifemasters.com\/wp-content\/uploads\/2022\/05\/1B6A5634-copia-768x391.jpg 768w, https:\/\/clubtenerifemasters.com\/wp-content\/uploads\/2022\/05\/1B6A5634-copia-1536x781.jpg 1536w, https:\/\/clubtenerifemasters.com\/wp-content\/uploads\/2022\/05\/1B6A5634-copia-2048x1042.jpg 2048w, https:\/\/clubtenerifemasters.com\/wp-content\/uploads\/2022\/05\/1B6A5634-copia-600x305.jpg 600w\" sizes=\"auto, (max-width: 1024px) 100vw, 1024px\" \/><\/figure>\n\n\n\n<div class=\"wp-block-columns is-layout-flex wp-container-core-columns-is-layout-9d6595d7 wp-block-columns-is-layout-flex\">\n<div class=\"wp-block-column is-layout-flow wp-block-column-is-layout-flow\">\n<h3 class=\"wp-block-heading\">TEMPORADA 16-17<\/h3>\n\n\n\n<h3 class=\"wp-block-heading\">CATEGOR\u00cdA FEMENINA<\/h3>\n\n\n\n<ol class=\"wp-block-list\">\n<li>ADELINE LIPPENS<\/li>\n\n\n\n<li>ALICIA SANZ GONZALEZ<\/li>\n\n\n\n<li>AMANDA HERRERA PEREZ<\/li>\n\n\n\n<li>AMPARO MARTINEZ DIAZ-FLORES<\/li>\n\n\n\n<li>ANA MEDINA IBA\u00d1EZ<\/li>\n\n\n\n<li>ANA MARIA MARTIN CRESPO<\/li>\n\n\n\n<li>ANA MARIA ROMERO MANZANO<\/li>\n\n\n\n<li>ANGELA TAGLIAFERRI<\/li>\n\n\n\n<li>ARANZAZU ARANEGA BENITEZ<\/li>\n\n\n\n<li>ASUNCION ZABALA LABORDE<\/li>\n\n\n\n<li>BEATRIZ LOPEZ FERNANDEZ<\/li>\n\n\n\n<li>BEATRIZ FREIRE BETANCOR<\/li>\n\n\n\n<li>CRISTINA IZQUIERDO RODRIGUEZ<\/li>\n\n\n\n<li>CONCEPCI\u00d3N ESMERALDA MART\u00cdN C\u00d3RDOBA<\/li>\n\n\n\n<li>DOLORES EXPOSITO REAL<\/li>\n\n\n\n<li>ELENA NEGRIN FIGUEROA<\/li>\n\n\n\n<li>ENCARNACION FERNANDEZ DE MISA DIAZ<\/li>\n\n\n\n<li>ESTHER LOPEZ GONZALEZ<\/li>\n\n\n\n<li>ISABEL GALCERAN MONTA\u00d1A<\/li>\n\n\n\n<li>ISABEL IBOLE\u00d3N CABRERA<\/li>\n\n\n\n<li>JAMILA ARANTZAMENDI LLULL<\/li>\n\n\n\n<li>JUDITH LOPEZ FERNANDEZ<\/li>\n\n\n\n<li>LOURDES MARTIN CONDE<\/li>\n\n\n\n<li>M\u00aa JOSEFA GONZALEZ TRUJILLO<\/li>\n\n\n\n<li>MAR\u00cdA DOLORES PADRON PE\u00d1A<\/li>\n\n\n\n<li>MAR\u00cdA HORTENSIA&nbsp; P\u00c9REZ GONZ\u00c1LEZ<\/li>\n\n\n\n<li>MARIA MERCEDES BAEZ CEJAS<\/li>\n\n\n\n<li>MERCEDES RODR\u00cdGUEZ FUENTES<\/li>\n\n\n\n<li>MERCEDES GONZALEZ RODRIGUEZ<\/li>\n\n\n\n<li>MONICA PARIS SANCHEZ<\/li>\n\n\n\n<li>MONICA GONZALEZ MARTIN<\/li>\n\n\n\n<li>NURIA MAGRI\u00d1A SOLE<\/li>\n\n\n\n<li>PILAR LARRODE GARCIA<\/li>\n\n\n\n<li>PILAR PADR\u00d3N PE\u00d1A<\/li>\n\n\n\n<li>RITA MARTIN GONZALEZ<\/li>\n\n\n\n<li>ROSA ANA MORENO ALOY<\/li>\n\n\n\n<li>VICTORIA AROCHA ISIDRO<\/li>\n<\/ol>\n<\/div>\n\n\n\n<div class=\"wp-block-column is-layout-flow wp-block-column-is-layout-flow\">\n<h3 class=\"wp-block-heading\">TEMPORADA 16-17<\/h3>\n\n\n\n<h3 class=\"wp-block-heading\">CATEGOR\u00cdA MASCULINA<\/h3>\n\n\n\n<ol class=\"wp-block-list\">\n<li>ALONSO FERNANDEZ HERNANDEZ<\/li>\n\n\n\n<li>ALVARO TAPIA REYES<\/li>\n\n\n\n<li>ANGEL BRITO TRUJILLO<\/li>\n\n\n\n<li>ANTONIO LUNA GIL<\/li>\n\n\n\n<li>ANTONIO PERERA MOLINERO<\/li>\n\n\n\n<li>BETUEL GONZALEZ DE ARMAS<\/li>\n\n\n\n<li>CARLOS ALBERTO PEREZ FLOREZ<\/li>\n\n\n\n<li>CARLOS BREMON PEREZ<\/li>\n\n\n\n<li>CLAUDIO DEL PINO TORRES<\/li>\n\n\n\n<li>DOMINGO GONZALEZ PEREZ<\/li>\n\n\n\n<li>FEDERICO HERN\u00c1NDEZ LE\u00d3N<\/li>\n\n\n\n<li>FELIX CONTRERAS&nbsp; GARCIA<\/li>\n\n\n\n<li>FERNANDO CORREA BRITO<\/li>\n\n\n\n<li>FRANCISCO GARC\u00cdA BETANCOR<\/li>\n\n\n\n<li>FRANCISCO JAVIER GONZALEZ HERRERA<\/li>\n\n\n\n<li>GUSTAVO GARCIA GARCIA<\/li>\n\n\n\n<li>GUSTAVO SUAREZ CRUZ<\/li>\n\n\n\n<li>INGOLF BOSSERT SCHWARZE<\/li>\n\n\n\n<li>ISAIAS PEREZ MARRERO<\/li>\n\n\n\n<li>JAMES BYRON SECOY<\/li>\n\n\n\n<li>JAVIER MAZON MATE<\/li>\n\n\n\n<li>JESUS GOMEZ DIAZ<\/li>\n\n\n\n<li>JOAQUIN ESCATLLAR FERNANDEZ MISA DIAZ<\/li>\n\n\n\n<li>JOAQUIN MELO CANO<\/li>\n\n\n\n<li>JONAY PEREZ GARCIA<\/li>\n\n\n\n<li>JORGE MAGRI\u00d1A SOLE<\/li>\n\n\n\n<li>JOSE GARCIA LA ESPADA<\/li>\n\n\n\n<li>JOS\u00c9 GONZ\u00c1LEZ HERN\u00c1NDEZ<\/li>\n\n\n\n<li>JOS\u00c9 ANDR\u00c9S MORENO P\u00c9REZ<\/li>\n\n\n\n<li>JOSE LUIS GALLEGO PEREZ-CEJUELA<\/li>\n\n\n\n<li>JOSE MARIA DIAZ CASTRO<\/li>\n\n\n\n<li>JOSE VICTOR GARCIA CASTILLO<\/li>\n\n\n\n<li>JUAN JOSE MANSO MARRERO<\/li>\n\n\n\n<li>JUAN MANUEL SALAS SABINA<\/li>\n\n\n\n<li>JULIO ARAMBURU BRAVO<\/li>\n\n\n\n<li>JUVENAL GULLON NIETO<\/li>\n\n\n\n<li>MARCO CASTILLO AGUILAR<\/li>\n\n\n\n<li>MARCOS CABRERA GONZALEZ<\/li>\n\n\n\n<li>MARK FRY<\/li>\n\n\n\n<li>MIGUEL RAMOS GARCIA<\/li>\n\n\n\n<li>PABLO HERNANDEZ HERNANDEZ<\/li>\n\n\n\n<li>RAFAEL BERMUDEZ GONZALEZ<\/li>\n\n\n\n<li>RICARDO D\u00cdAZ P\u00c9REZ<\/li>\n\n\n\n<li>RICARDO FERNANDEZ DE MISA DIAZ<\/li>\n\n\n\n<li>ROBERT MEYER<\/li>\n\n\n\n<li>RYSZARD MAJEWSKI LOURENS<\/li>\n\n\n\n<li>SANTIAGO FARI\u00d1A TADEO<\/li>\n\n\n\n<li>SEBASTIAN MATOS CASTRO<\/li>\n\n\n\n<li>TOM\u00c1S JULI\u00c1N LUIS MESA<\/li>\n\n\n\n<li>VITELIO CONCEPCI\u00d3N RODRIGUEZ<\/li>\n\n\n\n<li>ZEBENSUI BONILLA AVILA<\/li>\n<\/ol>\n<\/div>\n<\/div>\n\n\n\n<figure class=\"wp-block-image alignwide size-large\"><img loading=\"lazy\" decoding=\"async\" width=\"1024\" height=\"683\" src=\"http:\/\/clubtenerifemasters.com\/wp-content\/uploads\/2022\/04\/200640433_1793141867534726_1915497896348628940_n-1024x683.jpg\" alt=\"\" class=\"wp-image-5841\" srcset=\"https:\/\/clubtenerifemasters.com\/wp-content\/uploads\/2022\/04\/200640433_1793141867534726_1915497896348628940_n-1024x683.jpg 1024w, https:\/\/clubtenerifemasters.com\/wp-content\/uploads\/2022\/04\/200640433_1793141867534726_1915497896348628940_n-300x200.jpg 300w, https:\/\/clubtenerifemasters.com\/wp-content\/uploads\/2022\/04\/200640433_1793141867534726_1915497896348628940_n-768x512.jpg 768w, https:\/\/clubtenerifemasters.com\/wp-content\/uploads\/2022\/04\/200640433_1793141867534726_1915497896348628940_n-1536x1024.jpg 1536w, https:\/\/clubtenerifemasters.com\/wp-content\/uploads\/2022\/04\/200640433_1793141867534726_1915497896348628940_n-1200x800.jpg 1200w, https:\/\/clubtenerifemasters.com\/wp-content\/uploads\/2022\/04\/200640433_1793141867534726_1915497896348628940_n-600x400.jpg 600w, https:\/\/clubtenerifemasters.com\/wp-content\/uploads\/2022\/04\/200640433_1793141867534726_1915497896348628940_n.jpg 2048w\" sizes=\"auto, (max-width: 1024px) 100vw, 1024px\" \/><\/figure>\n\n\n\n<div class=\"wp-block-columns is-layout-flex wp-container-core-columns-is-layout-9d6595d7 wp-block-columns-is-layout-flex\">\n<div class=\"wp-block-column is-layout-flow wp-block-column-is-layout-flow\">\n<h3 class=\"wp-block-heading\">TEMPORADA 15-16<\/h3>\n\n\n\n<h3 class=\"wp-block-heading\">CATEGOR\u00cdA FEMENINA<\/h3>\n\n\n\n<ol class=\"wp-block-list\">\n<li>ALBA GARC\u00cdA DARIAS<\/li>\n\n\n\n<li>ALICIA SANZ GONZ\u00c1LEZ<\/li>\n\n\n\n<li>AMANDA HERRERA P\u00c9REZ<\/li>\n\n\n\n<li>AMPARO MART\u00cdNEZ D\u00cdAZ-FLORES<\/li>\n\n\n\n<li>ANA MAR\u00cdA BEN\u00cdTEZ INFANTE<\/li>\n\n\n\n<li>ANA MAR\u00cdA MEDINA IB\u00c1\u00d1EZ<\/li>\n\n\n\n<li>ANA MAR\u00cdA ROMERO MANZANO<\/li>\n\n\n\n<li>ANAIS GALV\u00c1N JORD\u00c1N<\/li>\n\n\n\n<li>ANGELA TAGLIAFERRI<\/li>\n\n\n\n<li>AR\u00c1NZAZU AR\u00c1NEGA BEN\u00cdTEZ<\/li>\n\n\n\n<li>ASUNCI\u00d3N ZABALA LABORDE<\/li>\n\n\n\n<li>BEATRIZ FREIRE BETANCOR<\/li>\n\n\n\n<li>BEATRIZ HERRERA MOR\u00c1N<\/li>\n\n\n\n<li>BEATRIZ L\u00d3PEZ FERN\u00c1NDEZ<\/li>\n\n\n\n<li>CHARO ZAFRA RATIA<\/li>\n\n\n\n<li>CONCEPCI\u00d3N ESCATLLAR FERN\u00c1NDEZ DE MISA<\/li>\n\n\n\n<li>D\u00c9BORA MART\u00cdN-PINILLOS BRITO<\/li>\n\n\n\n<li>ELENA NEGR\u00cdN FIGUEROA<\/li>\n\n\n\n<li>ENCARNACI\u00d3N FERN\u00c1NDEZ DE MISA D\u00cdAZ<\/li>\n\n\n\n<li>ESTHER L\u00d3PEZ GONZ\u00c1LEZ<\/li>\n\n\n\n<li>GEMA RUTH FELIPE MAR\u00cdA<\/li>\n\n\n\n<li>HORTENSIA P\u00c9REZ GONZ\u00c1LEZ<\/li>\n\n\n\n<li>ISABEL IBOLE\u00d3N CABRERA<\/li>\n\n\n\n<li>ISABEL MART\u00cdNEZ MARCOS<\/li>\n\n\n\n<li>JAMILA ARANTZAMENDI LLULL<\/li>\n\n\n\n<li>JUDITH L\u00d3PEZ FERN\u00c1NDEZ<\/li>\n\n\n\n<li>LINI&nbsp;GONZ\u00c1LEZ TRUJILLO<\/li>\n\n\n\n<li>MAIRIM CASTILLO ALONSO<\/li>\n\n\n\n<li>MAR\u00cdA CASTILLO DELGADO<\/li>\n\n\n\n<li>MAR\u00cdA DOLORES PADR\u00d3N PE\u00d1A<\/li>\n\n\n\n<li>MARIOLA EXP\u00d3SITO REAL<\/li>\n\n\n\n<li>MERCEDES B\u00c1EZ CEJAS<\/li>\n\n\n\n<li>MERCEDES GONZ\u00c1LEZ RODR\u00cdGUEZ<\/li>\n\n\n\n<li>MERCEDES RODR\u00cdGUEZ FUENTES<\/li>\n\n\n\n<li>M\u00d3NICA GONZ\u00c1LEZ MART\u00cdN<\/li>\n\n\n\n<li>M\u00d3NICA PAR\u00cdS S\u00c1NCHEZ<\/li>\n\n\n\n<li>NURIA MAGRI\u00d1\u00c1 SOL\u00c9<\/li>\n\n\n\n<li>PILAR ESCATLLAR FERN\u00c1NDEZ DE MISA<\/li>\n\n\n\n<li>PILAR LARROD\u00c9 GARC\u00cdA<\/li>\n\n\n\n<li>PILAR PADR\u00d3N PE\u00d1A<\/li>\n\n\n\n<li>RAQUEL P\u00c9REZ P\u00c9REZ<\/li>\n\n\n\n<li>RITA MART\u00cdN GONZ\u00c1LEZ<\/li>\n\n\n\n<li>ROSA ANA MORENO ALOY<\/li>\n\n\n\n<li>TAMARA P\u00c9REZ GONZ\u00c1LEZ<\/li>\n\n\n\n<li>TARA GUISADO DOM\u00cdNGUEZ<\/li>\n\n\n\n<li>VICTORIA AROCHA ISIDRO<\/li>\n\n\n\n<li>YANIRA MART\u00cdN RODR\u00cdGUEZ<\/li>\n<\/ol>\n<\/div>\n\n\n\n<div class=\"wp-block-column is-layout-flow wp-block-column-is-layout-flow\">\n<h3 class=\"wp-block-heading\">TEMPORADA 15-16<\/h3>\n\n\n\n<h3 class=\"wp-block-heading\">CATEGOR\u00cdA MASCULINA<\/h3>\n\n\n\n<ol class=\"wp-block-list\">\n<li>ADRI\u00c1N CABRERA B\u00c1EZ<\/li>\n\n\n\n<li>ALFONSO FERN\u00c1NDEZ HERN\u00c1NDEZ<\/li>\n\n\n\n<li>ALFREDO L\u00d3PEZ CARMONA<\/li>\n\n\n\n<li>ALVARO TAPIA REYES<\/li>\n\n\n\n<li>ANGEL BRITO TRUJILLO<\/li>\n\n\n\n<li>ANTONIO LUNA GIL<\/li>\n\n\n\n<li>ANTONIO PERERA MOLINERO<\/li>\n\n\n\n<li>BETUEL GONZ\u00c1LEZ DE ARMAS<\/li>\n\n\n\n<li>CLAUDIO DEL PINO TORRES<\/li>\n\n\n\n<li>DOMINGO GONZ\u00c1LEZ P\u00c9REZ<\/li>\n\n\n\n<li>ELIEZER SEP\u00daLVEDA R\u00cdOS<\/li>\n\n\n\n<li>FEDERICO HERN\u00c1NDEZ LE\u00d3N<\/li>\n\n\n\n<li>FERNANDO CORREA BRITO<\/li>\n\n\n\n<li>FRANCISCO GARC\u00cdA BETANCOR<\/li>\n\n\n\n<li>FRANCISCO LARA GONZ\u00c1LEZ<\/li>\n\n\n\n<li>GUSTAVO D. SUAREZ CRUZ<\/li>\n\n\n\n<li>INGOLF BOSSERT SCHWARZE<\/li>\n\n\n\n<li>IV\u00c1N GARC\u00cdA AFONSO<\/li>\n\n\n\n<li>JAMES BYRON SECOY<\/li>\n\n\n\n<li>JONATHAN ZAFRA MONASTERIO<\/li>\n\n\n\n<li>JONAY P\u00c9REZ GARC\u00cdA<\/li>\n\n\n\n<li>JORDI MAGRI\u00d1\u00c1 SOL\u00c9<\/li>\n\n\n\n<li>JOS\u00c9 GARC\u00cdA LA ESPADA<\/li>\n\n\n\n<li>JOS\u00c9 GONZ\u00c1LEZ HERN\u00c1NDEZ<\/li>\n\n\n\n<li>JOS\u00c9 ANDR\u00c9S MORENO P\u00c9REZ<\/li>\n\n\n\n<li>JOS\u00c9 MAR\u00cdA D\u00cdAZ CASTRO<\/li>\n\n\n\n<li>JOS\u00c9 RAM\u00d3N DOCOITO D\u00cdAZ<\/li>\n\n\n\n<li>JOS\u00c9 V\u00cdCTOR GARC\u00cdA CASTILLO<\/li>\n\n\n\n<li>JUAN JOS\u00c9 HARO GARC\u00cdA<\/li>\n\n\n\n<li>JUAN JOS\u00c9 MANSO MARRERO<\/li>\n\n\n\n<li>JUAN LUIS MANSO BRAUN<\/li>\n\n\n\n<li>JUAN MANUEL SALAS SABINA<\/li>\n\n\n\n<li>JULIO ARAMBURU BRAVO<\/li>\n\n\n\n<li>JULIO M. RODR\u00cdGUEZ GARC\u00cdA<\/li>\n\n\n\n<li>JUVENAL GULL\u00d3N NIETO<\/li>\n\n\n\n<li>KIKO&nbsp;MELI\u00c1N G\u00d3MEZ<\/li>\n\n\n\n<li>MARCO CASTILLO AGUILAR<\/li>\n\n\n\n<li>MARCOS CABRERA GONZ\u00c1LEZ<\/li>\n\n\n\n<li>MARK FRY<\/li>\n\n\n\n<li>OLIVER GUISADO DOM\u00cdNGUEZ<\/li>\n\n\n\n<li>RAFAEL BERM\u00daDEZ GONZ\u00c1LEZ<\/li>\n\n\n\n<li>RICARDO BEN\u00cdTEZ HERN\u00c1NDEZ<\/li>\n\n\n\n<li>RICARDO D\u00cdAZ P\u00c9REZ<\/li>\n\n\n\n<li>RICARDO FERN\u00c1NDEZ DE MISA D\u00cdAZ<\/li>\n\n\n\n<li>ROBERT MEYER<\/li>\n\n\n\n<li>RYSZARD MAJEWSKI LOURENS<\/li>\n\n\n\n<li>SERGIO DOM\u00cdNGUEZ VIERA<\/li>\n\n\n\n<li>TOM\u00c1S JULI\u00c1N LUIS MESA<\/li>\n\n\n\n<li>VITELIO CONCEPCI\u00d3N RODR\u00cdGUEZ<\/li>\n\n\n\n<li>ZEBENZUI BONILLA \u00c1VILA<\/li>\n<\/ol>\n<\/div>\n<\/div>\n\n\n\n<figure class=\"wp-block-image alignwide size-large\"><img loading=\"lazy\" decoding=\"async\" width=\"1024\" height=\"683\" src=\"http:\/\/clubtenerifemasters.com\/wp-content\/uploads\/2022\/04\/199722238_1794351434080436_2142513521885614379_n-1024x683.jpg\" alt=\"\" class=\"wp-image-5834\" srcset=\"https:\/\/clubtenerifemasters.com\/wp-content\/uploads\/2022\/04\/199722238_1794351434080436_2142513521885614379_n-1024x683.jpg 1024w, https:\/\/clubtenerifemasters.com\/wp-content\/uploads\/2022\/04\/199722238_1794351434080436_2142513521885614379_n-300x200.jpg 300w, https:\/\/clubtenerifemasters.com\/wp-content\/uploads\/2022\/04\/199722238_1794351434080436_2142513521885614379_n-768x512.jpg 768w, https:\/\/clubtenerifemasters.com\/wp-content\/uploads\/2022\/04\/199722238_1794351434080436_2142513521885614379_n-1536x1024.jpg 1536w, https:\/\/clubtenerifemasters.com\/wp-content\/uploads\/2022\/04\/199722238_1794351434080436_2142513521885614379_n-1200x800.jpg 1200w, https:\/\/clubtenerifemasters.com\/wp-content\/uploads\/2022\/04\/199722238_1794351434080436_2142513521885614379_n-600x400.jpg 600w, https:\/\/clubtenerifemasters.com\/wp-content\/uploads\/2022\/04\/199722238_1794351434080436_2142513521885614379_n.jpg 2048w\" sizes=\"auto, (max-width: 1024px) 100vw, 1024px\" \/><\/figure>\n\n\n\n<div class=\"wp-block-columns is-layout-flex wp-container-core-columns-is-layout-9d6595d7 wp-block-columns-is-layout-flex\">\n<div class=\"wp-block-column is-layout-flow wp-block-column-is-layout-flow\">\n<h3 class=\"wp-block-heading\">TEMPORADA 14-15<\/h3>\n\n\n\n<h3 class=\"wp-block-heading\">CATEGOR\u00cdA FEMENINA<\/h3>\n\n\n\n<ol class=\"wp-block-list\">\n<li>AGUEDA JIMENEZ PADILLA<\/li>\n\n\n\n<li>AMANDA HERRERA PEREZ<\/li>\n\n\n\n<li>AMPARO MARTINEZ DIAZ-FLORES<\/li>\n\n\n\n<li>ANA BELEN&nbsp; LOPEZ PE\u00d1A<\/li>\n\n\n\n<li>ANA MARIA ROMERO MANZANO<\/li>\n\n\n\n<li>ANAIS GALVAN JORDAN<\/li>\n\n\n\n<li>ANGELA TAGLIAFERRI<\/li>\n\n\n\n<li>ARANZAZU ARANEGA BENITEZ<\/li>\n\n\n\n<li>ASUNCION ZABALA LABORDE<\/li>\n\n\n\n<li>BEATRIZ FREIRE BETANCOR<\/li>\n\n\n\n<li>BEATRIZ GUZM\u00c1N P\u00c9REZ<\/li>\n\n\n\n<li>BEATRIZ LOPEZ FERNANDEZ<\/li>\n\n\n\n<li>CARMEN T.&nbsp;&nbsp; LORENZO PERAZA<\/li>\n\n\n\n<li>ELENA NEGRIN FIGUEROA<\/li>\n\n\n\n<li>ENCARNACION FERNANDEZ DE MISA DIAZ<\/li>\n\n\n\n<li>ESTHER LOPEZ GONZALEZ<\/li>\n\n\n\n<li>HORTENSIA PEREZ GONZALEZ<\/li>\n\n\n\n<li>ISABEL GALCERAN MONTA\u00d1A<\/li>\n\n\n\n<li>ISABEL IBOLE\u00d3N CABRERA<\/li>\n\n\n\n<li>ISABEL MART\u00cdNEZ MARCOS<\/li>\n\n\n\n<li>JAMILA ARANTZAMENDI LLULL<\/li>\n\n\n\n<li>JUDITH LOPEZ FERNANDEZ<\/li>\n\n\n\n<li>LORETO BA\u00d1ON LOPEZ<\/li>\n\n\n\n<li>M\u00aa JOSEFA GONZALEZ TRUJILLO<\/li>\n\n\n\n<li>MARIA LUISA MARTIN DE ARRATE<\/li>\n\n\n\n<li>MARIA MERCEDES BAEZ CEJAS<\/li>\n\n\n\n<li>MERCEDES GONZALEZ RODRIGUEZ<\/li>\n\n\n\n<li>MERCEDES RODR\u00cdGUEZ FUENTES<\/li>\n\n\n\n<li>NURIA MAGRI\u00d1A SOLE<\/li>\n\n\n\n<li>PILAR LARRODE GARCIA<\/li>\n\n\n\n<li>PILAR PADR\u00d3N PE\u00d1A<\/li>\n\n\n\n<li>RAQUEL PEREZ PEREZ<\/li>\n\n\n\n<li>ROSA ANA MORENO ALOY<\/li>\n\n\n\n<li>TERESA ALONSO-LENNARD ALONSO<\/li>\n\n\n\n<li>VICTORIA AROCHA ISIDRO<\/li>\n\n\n\n<li>VIRGINIA GONZ\u00c1LEZ BELLO<\/li>\n\n\n\n<li>YAIZA GONZ\u00c1LEZ GONZ\u00c1LEZ<\/li>\n<\/ol>\n<\/div>\n\n\n\n<div class=\"wp-block-column is-layout-flow wp-block-column-is-layout-flow\">\n<h3 class=\"wp-block-heading\">TEMPORADA 14-15<\/h3>\n\n\n\n<h3 class=\"wp-block-heading\">CATEGOR\u00cdA MASCULINA<\/h3>\n\n\n\n<ol class=\"wp-block-list\">\n<li>ADAL RODRIGUEZ HERNANDEZ<\/li>\n\n\n\n<li>ADRIAN CABRERA BAEZ<\/li>\n\n\n\n<li>ALEJANDRO NEGRIN MENDOZA<\/li>\n\n\n\n<li>ALFREDO LOPEZ&nbsp; CARMONA<\/li>\n\n\n\n<li>ALONSO FERNANDEZ HERNANDEZ<\/li>\n\n\n\n<li>ALVARO TAPIA REYES<\/li>\n\n\n\n<li>ANGEL BRITO TRUJILLO<\/li>\n\n\n\n<li>ANTONIO LUNA GIL<\/li>\n\n\n\n<li>ANTONIO PERERA MOLINERO<\/li>\n\n\n\n<li>BETUEL GONZALEZ DE ARMAS<\/li>\n\n\n\n<li>CLAUDIO DEL PINO TORRES<\/li>\n\n\n\n<li>DAVID PEREZ RODRIGUEZ<\/li>\n\n\n\n<li>DOMINGO GONZALEZ PEREZ<\/li>\n\n\n\n<li>ELIEZER SEPULVEDA RIOS<\/li>\n\n\n\n<li>ERNESTO JESUS HERN\u00c1NDEZ HERNANDEZ<\/li>\n\n\n\n<li>FEDERICO HENANDEZ LEON<\/li>\n\n\n\n<li>FELIX CONTRERAS&nbsp; GARCIA<\/li>\n\n\n\n<li>FERNANDO CORREA BRITO<\/li>\n\n\n\n<li>FLORIAN DALIK<\/li>\n\n\n\n<li>FRANCISCO LARA GONZALEZ<\/li>\n\n\n\n<li>FRANCISCO GARC\u00cdA BETANCOR<\/li>\n\n\n\n<li>GUSTAVO SUAREZ CRUZ<\/li>\n\n\n\n<li>INGOLF BOSSERT SCHWARZE<\/li>\n\n\n\n<li>JONAY PEREZ GARCIA<\/li>\n\n\n\n<li>JONAY HERNANDEZ DIAZ<\/li>\n\n\n\n<li>JORDI MAGRI\u00d1A SOLE<\/li>\n\n\n\n<li>JOSE &nbsp;GARCIA LA ESPADA<\/li>\n\n\n\n<li>JOSE GONZALEZ HERNANDEZ<\/li>\n\n\n\n<li>JOSE ANDRES MORENO PEREZ<\/li>\n\n\n\n<li>JOSE MARIA DIAZ CASTRO<\/li>\n\n\n\n<li>JOSE RAMON DOCOITO DIAZ<\/li>\n\n\n\n<li>JOSE VICTOR GARCIA CASTILLO<\/li>\n\n\n\n<li>JUAN JOSE MANSO MARRERO<\/li>\n\n\n\n<li>JUAN JOSE HARO GARCIA<\/li>\n\n\n\n<li>JUAN MANUEL SALAS SABINA<\/li>\n\n\n\n<li>JULIO ARAMBURU BRAVO<\/li>\n\n\n\n<li>JULIO LITE OTAZO<\/li>\n\n\n\n<li>JUVENAL GULLON NIETO<\/li>\n\n\n\n<li>LUIS IGNACIO ALVAREZ MELCHOR<\/li>\n\n\n\n<li>MARCO CASTILLO AGUILAR<\/li>\n\n\n\n<li>MARCOS CABRERA GONZALEZ<\/li>\n\n\n\n<li>MARK FRY<\/li>\n\n\n\n<li>MARTIN MARICHAL RAMOS<\/li>\n\n\n\n<li>OLIVER GUISADO DOMINGUEZ<\/li>\n\n\n\n<li>RAFAEL BERMUDEZ GONZALEZ<\/li>\n\n\n\n<li>RICARDO FERNANDEZ DE MISA DIAZ<\/li>\n\n\n\n<li>RICARDO DIAZ PEREZ<\/li>\n\n\n\n<li>RYSZARD MAJEWSKI LOURENS<\/li>\n\n\n\n<li>SERGIO DOMINGUEZ VIERA<\/li>\n\n\n\n<li>VITELIO CONCEPCION RODRIGUEZ<\/li>\n<\/ol>\n<\/div>\n<\/div>\n\n\n\n<figure class=\"wp-block-image alignwide size-large\"><img loading=\"lazy\" decoding=\"async\" width=\"1024\" height=\"683\" src=\"http:\/\/clubtenerifemasters.com\/wp-content\/uploads\/2022\/04\/197863574_1793947354120844_6679954823482407084_n-1024x683.jpg\" alt=\"\" class=\"wp-image-5836\" srcset=\"https:\/\/clubtenerifemasters.com\/wp-content\/uploads\/2022\/04\/197863574_1793947354120844_6679954823482407084_n-1024x683.jpg 1024w, https:\/\/clubtenerifemasters.com\/wp-content\/uploads\/2022\/04\/197863574_1793947354120844_6679954823482407084_n-300x200.jpg 300w, https:\/\/clubtenerifemasters.com\/wp-content\/uploads\/2022\/04\/197863574_1793947354120844_6679954823482407084_n-768x512.jpg 768w, https:\/\/clubtenerifemasters.com\/wp-content\/uploads\/2022\/04\/197863574_1793947354120844_6679954823482407084_n-1536x1024.jpg 1536w, https:\/\/clubtenerifemasters.com\/wp-content\/uploads\/2022\/04\/197863574_1793947354120844_6679954823482407084_n-1200x800.jpg 1200w, https:\/\/clubtenerifemasters.com\/wp-content\/uploads\/2022\/04\/197863574_1793947354120844_6679954823482407084_n-600x400.jpg 600w, https:\/\/clubtenerifemasters.com\/wp-content\/uploads\/2022\/04\/197863574_1793947354120844_6679954823482407084_n.jpg 2048w\" sizes=\"auto, (max-width: 1024px) 100vw, 1024px\" \/><\/figure>\n\n\n\n<div class=\"wp-block-columns is-layout-flex wp-container-core-columns-is-layout-9d6595d7 wp-block-columns-is-layout-flex\">\n<div class=\"wp-block-column is-layout-flow wp-block-column-is-layout-flow\">\n<h3 class=\"wp-block-heading\">TEMPORADA 13-14 <\/h3>\n\n\n\n<h3 class=\"wp-block-heading\">CATEGOR\u00cdA FEMENINA<\/h3>\n\n\n\n<ol class=\"wp-block-list\">\n<li>CARMEN TERESA ALONSO-LENNARD ALONSO<\/li>\n\n\n\n<li>ARANZAZU ARANEGA BENITEZ<\/li>\n\n\n\n<li>JAMILA ARANTZAMENDI LLULL<\/li>\n\n\n\n<li>VICTORIA AROCHA ISIDRO<\/li>\n\n\n\n<li>MARIA MERCEDES BAEZ CEJAS<\/li>\n\n\n\n<li>SILVIA BRITO HERNANDEZ<\/li>\n\n\n\n<li>LETICIA CABRERA ALAYON<\/li>\n\n\n\n<li>MARTA LILIAM DE LARREA CASTILLO<\/li>\n\n\n\n<li>CONCEPCION ESCATLLAR FERNANDEZ DE MISA<\/li>\n\n\n\n<li>BEATRIZ FREIRE BETANCOR<\/li>\n\n\n\n<li>ISABEL GALCERAN MONTA\u00d1A<\/li>\n\n\n\n<li>MERCEDES GONZALEZ RODRIGUEZ<\/li>\n\n\n\n<li>M\u00aa JOSEFA GONZALEZ TRUJILLO<\/li>\n\n\n\n<li>BEATRIZ GUZMAN PEREZ<\/li>\n\n\n\n<li>BEATRIZ HERRERA MORAN<\/li>\n\n\n\n<li>AMANDA HERRERA PEREZ<\/li>\n\n\n\n<li>ISABEL IBOLEON CABRERA<\/li>\n\n\n\n<li>AGUEDA JIMENEZ PADILLA<\/li>\n\n\n\n<li>PILAR LARRODE GARCIA<\/li>\n\n\n\n<li>BEATRIZ LOPEZ FERNANDEZ<\/li>\n\n\n\n<li>JUDITH LOPEZ FERNANDEZ<\/li>\n\n\n\n<li>ESTHER LOPEZ GONZALEZ<\/li>\n\n\n\n<li>ANA BELEN LOPEZ PE\u00d1A<\/li>\n\n\n\n<li>CARMEN T. LORENZO PERAZA<\/li>\n\n\n\n<li>MARIA LUISA MARTIN DE ARRATE<\/li>\n\n\n\n<li>PATRICIA INES MARTIN GONZALEZ<\/li>\n\n\n\n<li>AMPARO MARTINEZ DIAZ-FLORES<\/li>\n\n\n\n<li>ANA MEDINA IBA\u00d1EZ<\/li>\n\n\n\n<li>ANTONIA MITCHELL BEDFORD<\/li>\n\n\n\n<li>ROSA ANA MORENO ALOY<\/li>\n\n\n\n<li>MAR\u00cdA HORTENSIA PEREZ GONZALEZ<\/li>\n\n\n\n<li>RAQUEL PEREZ PEREZ<\/li>\n\n\n\n<li>YAIZA REYES BENCOMO<\/li>\n\n\n\n<li>MERCEDES RODRIGUEZ FUENTES<\/li>\n\n\n\n<li>MAR\u00cdA ALEJANDRA RODRIGUEZ RODRIGUEZ<\/li>\n\n\n\n<li>ANA MARIA ROMERO MANZANO<\/li>\n\n\n\n<li>ASUNCI\u00d3N ZABALA LABORDE<\/li>\n<\/ol>\n<\/div>\n\n\n\n<div class=\"wp-block-column is-layout-flow wp-block-column-is-layout-flow\">\n<h3 class=\"wp-block-heading\">TEMPORADA 13-14<\/h3>\n\n\n\n<h3 class=\"wp-block-heading\">CATEGOR\u00cdA MASCULINA<\/h3>\n\n\n\n<ol class=\"wp-block-list\">\n<li>SERGIO ACEVEDO GARCIA<\/li>\n\n\n\n<li>RAFAEL BERMUDEZ GONZALEZ<\/li>\n\n\n\n<li>INGOLF BOSSERT SCHWARZE<\/li>\n\n\n\n<li>ANGEL BRITO TRUJILLO<\/li>\n\n\n\n<li>ADRIAN CABRERA BAEZ<\/li>\n\n\n\n<li>MARCOS CABRERA GONZALEZ<\/li>\n\n\n\n<li>MARCO CASTILLO AGUILAR<\/li>\n\n\n\n<li>VITELIO CONCEPCION RODRIGUEZ<\/li>\n\n\n\n<li>FELIX CONTRERAS GARCIA<\/li>\n\n\n\n<li>FERNANDO CORREA BRITO<\/li>\n\n\n\n<li>CLAUDIO DEL PINO TORRES<\/li>\n\n\n\n<li>JOSE MARIA DIAZ CASTRO<\/li>\n\n\n\n<li>RICARDO DIAZ PEREZ<\/li>\n\n\n\n<li>JOSE RAMON DOCOITO DIAZ<\/li>\n\n\n\n<li>SERGIO DOMINGUEZ VIERA<\/li>\n\n\n\n<li>JOSE LUIS EXPOSITO HERNANDEZ<\/li>\n\n\n\n<li>RICARDO FERNANDEZ DE MISA DIAZ<\/li>\n\n\n\n<li>ALONSO FERNANDEZ HERNANDEZ<\/li>\n\n\n\n<li>MARK FRY<\/li>\n\n\n\n<li>FRANCISCO GARCIA BETANCOR<\/li>\n\n\n\n<li>JOSE GARCIA LA ESPADA<\/li>\n\n\n\n<li>BETUEL GONZALEZ DE ARMAS<\/li>\n\n\n\n<li>DOMINGO GONZALEZ PEREZ<\/li>\n\n\n\n<li>OLIVER GUISADO DOMINGUEZ<\/li>\n\n\n\n<li>JUVENAL GULLON NIETO<\/li>\n\n\n\n<li>JONAY HERNANDEZ DIAZ<\/li>\n\n\n\n<li>ERNESTO JESUS HERNANDEZ HERNANDEZ<\/li>\n\n\n\n<li>FRANCESCO IURILLI<\/li>\n\n\n\n<li>FRANCISCO LARA GONZALEZ<\/li>\n\n\n\n<li>JULIO LITE OTAZO<\/li>\n\n\n\n<li>ALFREDO LOPEZ CARMONA<\/li>\n\n\n\n<li>ANTONIO LUNA GIL<\/li>\n\n\n\n<li>JORGE MACHADO BOUZA<\/li>\n\n\n\n<li>JORGE MAGRI\u00d1A SOLE<\/li>\n\n\n\n<li>RYSZARD MAJEWSKI LOURENS<\/li>\n\n\n\n<li>JUAN JOSE MANSO MARRERO<\/li>\n\n\n\n<li>MARTIN MARICHAL RAMOS<\/li>\n\n\n\n<li>FRANCISCO DAVID MELIAN GOMEZ<\/li>\n\n\n\n<li>FERNANDO MENDOZA CORUJO<\/li>\n\n\n\n<li>JOAQUIN MERLO CANO<\/li>\n\n\n\n<li>ALEJANDRO NEGRIN MENDOZA<\/li>\n\n\n\n<li>ANTONIO PERERA MOLINERO<\/li>\n\n\n\n<li>JONAY PEREZ GARCIA<\/li>\n\n\n\n<li>DAVID PEREZ RODRIGUEZ<\/li>\n\n\n\n<li>ALBERTO REYES DIAZ<\/li>\n\n\n\n<li>ADAL RODRIGUEZ HERNANDEZ<\/li>\n\n\n\n<li>OLIVER RODRIGUEZ MARTIN<\/li>\n\n\n\n<li>ALBERTO JESUS RODRIGUEZ SOLER<\/li>\n\n\n\n<li>MIGUEL RODRIGUEZ VI\u00d1AS<\/li>\n\n\n\n<li>JUAN MANUEL SALAS SABINA<\/li>\n\n\n\n<li>GUSTAVO SUAREZ CRUZ<\/li>\n\n\n\n<li>ALVARO TAPIA REYES<\/li>\n\n\n\n<li>JONATHAN ZAFRA MONASTERIO<\/li>\n\n\n\n<li>JOSE VICTOR GARCIA CASTILLO<\/li>\n<\/ol>\n<\/div>\n<\/div>\n\n\n\n<figure class=\"wp-block-image alignwide size-full\"><img loading=\"lazy\" decoding=\"async\" width=\"909\" height=\"698\" src=\"http:\/\/clubtenerifemasters.com\/wp-content\/uploads\/2022\/05\/wer.jpg\" alt=\"\" class=\"wp-image-6840\" srcset=\"https:\/\/clubtenerifemasters.com\/wp-content\/uploads\/2022\/05\/wer.jpg 909w, https:\/\/clubtenerifemasters.com\/wp-content\/uploads\/2022\/05\/wer-300x230.jpg 300w, https:\/\/clubtenerifemasters.com\/wp-content\/uploads\/2022\/05\/wer-768x590.jpg 768w, https:\/\/clubtenerifemasters.com\/wp-content\/uploads\/2022\/05\/wer-600x461.jpg 600w\" sizes=\"auto, (max-width: 909px) 100vw, 909px\" \/><\/figure>\n\n\n\n<div class=\"wp-block-columns is-layout-flex wp-container-core-columns-is-layout-9d6595d7 wp-block-columns-is-layout-flex\">\n<div class=\"wp-block-column is-layout-flow wp-block-column-is-layout-flow\">\n<h3 class=\"wp-block-heading\">TEMPORADA 12-13<\/h3>\n\n\n\n<h3 class=\"wp-block-heading\">CATEGOR\u00cdA FEMENINA<\/h3>\n\n\n\n<ol class=\"wp-block-list\">\n<li>AMPARO MARTINEZ DIAZ-FLORES<\/li>\n\n\n\n<li>TONY MITCHELL BEDFORD<\/li>\n\n\n\n<li>MERCEDES RODRIGUEZ<\/li>\n\n\n\n<li>BEATRIZ GUZMAN PEREZ<\/li>\n\n\n\n<li>CRISTINA ALMEIDA CASTRO<\/li>\n\n\n\n<li>AMANDA HERRERA<\/li>\n\n\n\n<li>ESTHER LOPEZ<\/li>\n\n\n\n<li>ARANZAZU ARANEGA BENITEZ<\/li>\n\n\n\n<li>ISABEL GALCERAN MONTA\u00d1A<\/li>\n\n\n\n<li>CARMEN PILAR PADRON JUAN<\/li>\n\n\n\n<li>LINI GONZALEZ TRUJILLO<\/li>\n\n\n\n<li>ASUN ZABALA<\/li>\n\n\n\n<li>PILAR LARRODE GARCIA<\/li>\n\n\n\n<li>CARMEN T. &#8220;CATE&#8221; LORENZO PERAZA<\/li>\n\n\n\n<li>RAQUEL PEREZ PEREZ<\/li>\n\n\n\n<li>MARIA CANDELARIA TORRES DIAZ<\/li>\n\n\n\n<li>MARIA MERCEDES BAEZ CEJAS<\/li>\n\n\n\n<li>JUDITH LOPEZ FERNANDEZ<\/li>\n\n\n\n<li>MERCEDES AROCHA ISIDRO<\/li>\n\n\n\n<li>ISABEL IBOLEON CABRERA<\/li>\n\n\n\n<li>BEATRIZ LOPEZ FERNANDEZ<\/li>\n\n\n\n<li>MAVI DE SALAMANCA MENDEZ<\/li>\n\n\n\n<li>ROSA ANA MORENO ALOY<\/li>\n\n\n\n<li>CONCHI ESCATLLAR<\/li>\n\n\n\n<li>MERCEDES GONZALEZ RODRIGUEZ<\/li>\n\n\n\n<li>ANA MARIA MEDINA<\/li>\n\n\n\n<li>BEATRIZ FREIRE BETANCOR<\/li>\n\n\n\n<li>NURIA MAGRI\u00d1A<\/li>\n\n\n\n<li>MAR\u00cdA ALEJANDRA RODRIGUEZ RODRIGUEZ<\/li>\n\n\n\n<li>JAMILA ARANTZAMENDI LLULL<\/li>\n\n\n\n<li>YANIRA MARTIN RODRIGUEZ<\/li>\n\n\n\n<li>TAMARA PEREZ GONZALEZ<\/li>\n\n\n\n<li>BEATRIZ PERERA HERNANDEZ<\/li>\n<\/ol>\n<\/div>\n\n\n\n<div class=\"wp-block-column is-layout-flow wp-block-column-is-layout-flow\">\n<h3 class=\"wp-block-heading\">TEMPORADA 12-13<\/h3>\n\n\n\n<h3 class=\"wp-block-heading\">CATEGOR\u00cdA MASCULINA<\/h3>\n\n\n\n<ol class=\"wp-block-list\">\n<li>FRANCISCO GARC\u00cdA BETANCOR<\/li>\n\n\n\n<li>JUAN JOSE MANSO &nbsp;MARRERO<\/li>\n\n\n\n<li>RICARDO FERNANDEZ DE MISA<\/li>\n\n\n\n<li>INGOLF BOSSERT SCHWARZE<\/li>\n\n\n\n<li>ANGEL BRITO TRUJILLO<\/li>\n\n\n\n<li>CLAUDIO DEL PINO TORRES<\/li>\n\n\n\n<li>ALVARO TAPIA REYES<\/li>\n\n\n\n<li>FERNANDO CORREA BRITO<\/li>\n\n\n\n<li>JOSE GARCIA LA ESPADA<\/li>\n\n\n\n<li>RAFAEL BERMUDEZ GONZALEZ<\/li>\n\n\n\n<li>MARTIN MARICHAL RAMOS<\/li>\n\n\n\n<li>FRANCISCO LARA<\/li>\n\n\n\n<li>ANTONIO LUNA GIL<\/li>\n\n\n\n<li>JOSE MARIA DIAZ CASTRO<\/li>\n\n\n\n<li>ANTONIO PERERA<\/li>\n\n\n\n<li>JULIO LITE<\/li>\n\n\n\n<li>MARCOS CABRERA<\/li>\n\n\n\n<li>ALONSO FERNANDEZ HERNANDEZ<\/li>\n\n\n\n<li>JORDI MAGUI\u00d1A<\/li>\n\n\n\n<li>DOMINGO GONZALEZ PEREZ<\/li>\n\n\n\n<li>SERGIO ACEBEDO GARC\u00cdA<\/li>\n\n\n\n<li>JUAN MANUEL SALAS SABINA<\/li>\n\n\n\n<li>TOMMY LUIS MESA<\/li>\n\n\n\n<li>JUAN PABLO CABRERA MOLINA<\/li>\n\n\n\n<li>JULIO ARAMBURU BRAVO<\/li>\n\n\n\n<li>RICARDO DIAZ PEREZ<\/li>\n\n\n\n<li>DOMINGO DOMINGUEZ ESCOBAR<\/li>\n\n\n\n<li>DAVID PEREZ RODRIGUEZ<\/li>\n\n\n\n<li>PABLO PERAMATO<\/li>\n\n\n\n<li>JUAN FRANCISCO MESA ARMAS<\/li>\n\n\n\n<li>JUAN LUIS MANSO BRAUN<\/li>\n\n\n\n<li>KIKO MELIAN GOMEZ<\/li>\n\n\n\n<li>ALFREDO LOPEZ CARMONA<\/li>\n\n\n\n<li>IVAN GARCIA AFONSO<\/li>\n\n\n\n<li>GUSTAVO SUAREZ CRUZ<\/li>\n\n\n\n<li>JONATHAN ZAFRA MONASTERIO<\/li>\n\n\n\n<li>JONAY PEREZ GARCIA<\/li>\n\n\n\n<li>ALBERTO JESUS RODRIGUEZ SOLER<\/li>\n\n\n\n<li>MARCO CASTILLO<\/li>\n\n\n\n<li>JONAY HERNANDEZ DIAZ<\/li>\n\n\n\n<li>JAVIER RODRIGUEZ ZAURIN<\/li>\n\n\n\n<li>VITELIO CONCEPCION RODRIGUEZ<\/li>\n\n\n\n<li>ADAL RODRIGUEZ HERNANDEZ<\/li>\n\n\n\n<li>JOAQUIN MERLO CANO<\/li>\n\n\n\n<li>OLIVER GUISADO<\/li>\n\n\n\n<li>FERNANDO MENZODA CORUJO<\/li>\n\n\n\n<li>DANIEL GALIANO RUIZ<\/li>\n<\/ol>\n<\/div>\n<\/div>\n\n\n\n<figure class=\"wp-block-image alignwide size-large\"><img loading=\"lazy\" decoding=\"async\" width=\"1024\" height=\"684\" src=\"https:\/\/clubtenerifemasters.com\/wp-content\/uploads\/2022\/06\/20220611_2547-1024x684.jpg\" alt=\"\" class=\"wp-image-6896\" srcset=\"https:\/\/clubtenerifemasters.com\/wp-content\/uploads\/2022\/06\/20220611_2547-1024x684.jpg 1024w, https:\/\/clubtenerifemasters.com\/wp-content\/uploads\/2022\/06\/20220611_2547-300x200.jpg 300w, https:\/\/clubtenerifemasters.com\/wp-content\/uploads\/2022\/06\/20220611_2547-768x513.jpg 768w, https:\/\/clubtenerifemasters.com\/wp-content\/uploads\/2022\/06\/20220611_2547-1536x1026.jpg 1536w, https:\/\/clubtenerifemasters.com\/wp-content\/uploads\/2022\/06\/20220611_2547-2048x1368.jpg 2048w, https:\/\/clubtenerifemasters.com\/wp-content\/uploads\/2022\/06\/20220611_2547-1200x800.jpg 1200w, https:\/\/clubtenerifemasters.com\/wp-content\/uploads\/2022\/06\/20220611_2547-600x401.jpg 600w\" sizes=\"auto, (max-width: 1024px) 100vw, 1024px\" \/><\/figure>\n","protected":false},"excerpt":{"rendered":"<p>El Club Tenerife M\u00e1sters, es una gran familia de nadadoras y nadadores, cuyas edades est\u00e1n comprendidas entre los 20 y los 95 a\u00f1os, con pr\u00e1cticamente el mismo n\u00famero de mujeres y hombres. Aunque la mayor\u00eda de nuestros integrantes son residentes de la isla de Tenerife, tambi\u00e9n hay nadadores que residen en otras islas, pen\u00ednsula e &hellip; <\/p>\n<p class=\"link-more\"><a href=\"https:\/\/clubtenerifemasters.com\/index.php\/nadadores\/nadadores-as-otras-temporadas\/\" class=\"more-link\">Continue reading<span class=\"screen-reader-text\"> &#8220;Nadadores\/as. Otras temporadas&#8221;<\/span><\/a><\/p>\n","protected":false},"author":1,"featured_media":0,"parent":289,"menu_order":1,"comment_status":"closed","ping_status":"closed","template":"","meta":{"_regular_price":[],"currency_symbol":[],"_s2mail":"","footnotes":""},"class_list":["post-5115","page","type-page","status-publish","hentry"],"post_slider_layout_featured_media_urls":{"thumbnail":"","post_slider_layout_landscape_large":"","post_slider_layout_portrait_large":"","post_slider_layout_square_large":"","post_slider_layout_landscape":"","post_slider_layout_portrait":"","post_slider_layout_square":"","full":""},"_links":{"self":[{"href":"https:\/\/clubtenerifemasters.com\/index.php\/wp-json\/wp\/v2\/pages\/5115","targetHints":{"allow":["GET"]}}],"collection":[{"href":"https:\/\/clubtenerifemasters.com\/index.php\/wp-json\/wp\/v2\/pages"}],"about":[{"href":"https:\/\/clubtenerifemasters.com\/index.php\/wp-json\/wp\/v2\/types\/page"}],"author":[{"embeddable":true,"href":"https:\/\/clubtenerifemasters.com\/index.php\/wp-json\/wp\/v2\/users\/1"}],"replies":[{"embeddable":true,"href":"https:\/\/clubtenerifemasters.com\/index.php\/wp-json\/wp\/v2\/comments?post=5115"}],"version-history":[{"count":40,"href":"https:\/\/clubtenerifemasters.com\/index.php\/wp-json\/wp\/v2\/pages\/5115\/revisions"}],"predecessor-version":[{"id":6897,"href":"https:\/\/clubtenerifemasters.com\/index.php\/wp-json\/wp\/v2\/pages\/5115\/revisions\/6897"}],"up":[{"embeddable":true,"href":"https:\/\/clubtenerifemasters.com\/index.php\/wp-json\/wp\/v2\/pages\/289"}],"wp:attachment":[{"href":"https:\/\/clubtenerifemasters.com\/index.php\/wp-json\/wp\/v2\/media?parent=5115"}],"curies":[{"name":"wp","href":"https:\/\/api.w.org\/{rel}","templated":true}]}}